{"id":9554,"date":"2021-12-02T08:42:47","date_gmt":"2021-12-02T07:42:47","guid":{"rendered":"https:\/\/www.camping-var-ramatuelle.com\/vacanze-var\/camping-porquerolles\/"},"modified":"2023-08-18T15:25:22","modified_gmt":"2023-08-18T13:25:22","slug":"campeggio-porquerolles","status":"publish","type":"page","link":"https:\/\/www.camping-var-ramatuelle.com\/it\/vacanze-var\/campeggio-porquerolles\/","title":{"rendered":"Porquerolles"},"content":{"rendered":"<section id=\"ls-section-block_044a24191ba3ca57340b5ad2a1a892cd\" class=\"ls-section  has-p-t p-t-0\" >\n        <div class=\"container container--wide\">\n        \n\n<h1 class=\"ls__heading wp-block-heading has-text-align-center deco has-color-1-color has-text-color\" id=\"camping-porquerolles\">Campeggio Porquerolles<\/h1>\n\n\n\n<p class=\"ls-paragraph has-text-align-center\">Sei in cerca di una vacanza in <strong><span class=\"has-inline-color has-color-1-color\">campeggio a Porquerolles?<\/span><\/strong><\/p>\n\n\n\n<p class=\"ls-paragraph has-text-align-center\">A pochi minuti di barca dalla penisola di Giens, quest&#8217;isola ha una doppia faccia: a nord, troverete spiagge paradisiache con acque turchesi e a sud, scoprirete calette nascoste pi\u00f9 aspre e belle.<\/p>\n\n\n\n<p class=\"ls-paragraph has-text-align-center\">Dal nostro <a href=\"https:\/\/www.camping-var-ramatuelle.com\/it\/\">campeggio nel Golfo di Saint-Tropez<\/a>, a 67 km, potrete raggiungere rapidamente una delle isole, chiamate anche &#8220;Isole d&#8217;oro&#8221; per la loro bellezza unica! Queste meraviglie del Mediterraneo delizieranno gli amanti delle passeggiate in riva al mare e dei bagni nelle acque turchesi.<br>Le altre due, Ile du Levant e Port-Cros, sono pi\u00f9 selvagge e conservate di Porquerolles. La gente viene qui per scoprire uno dei primi parchi nazionali francesi con le sue specie endemiche di uccelli rari.<\/p>\n\n\n\n<div class=\"wp-block-columns m-t-10 is-layout-flex wp-container-core-columns-is-layout-1 wp-block-columns-is-layout-flex\">\n<div class=\"wp-block-column is-vertically-aligned-center mozaique is-layout-flow wp-block-column-is-layout-flow\" style=\"flex-basis:60%\">\n<figure class=\"wp-block-image size-large\"><img decoding=\"async\" width=\"1024\" height=\"683\" src=\"https:\/\/www.camping-var-ramatuelle.com\/wp-content\/uploads\/2022\/01\/camping-mobil-home-cote-azur-1024x683.jpg\" alt=\"campeggio casa mobile cote azur\" class=\"wp-image-2879\" srcset=\"https:\/\/www.camping-var-ramatuelle.com\/wp-content\/uploads\/2022\/01\/camping-mobil-home-cote-azur-1024x683.jpg 1024w, https:\/\/www.camping-var-ramatuelle.com\/wp-content\/uploads\/2022\/01\/camping-mobil-home-cote-azur-300x200.jpg 300w, https:\/\/www.camping-var-ramatuelle.com\/wp-content\/uploads\/2022\/01\/camping-mobil-home-cote-azur-768x512.jpg 768w, https:\/\/www.camping-var-ramatuelle.com\/wp-content\/uploads\/2022\/01\/camping-mobil-home-cote-azur.jpg 1200w\" sizes=\"(max-width: 1024px) 100vw, 1024px\" \/><\/figure>\n<\/div>\n\n\n\n<div class=\"wp-block-column is-vertically-aligned-center is-layout-flow wp-block-column-is-layout-flow\" style=\"flex-basis:40%\">\n<h2 class=\"ls__heading wp-block-heading has-text-align-center has-color-1-color has-text-color\" id=\"location-mobil-home-porquerolles\">Affitto casa mobile Porquerolles<\/h2>\n\n\n\n<p class=\"ls-paragraph\">Cerchi una <strong><span class=\"has-inline-color has-color-1-color\">casa mobile in affitto a Porquerolles?<\/span><\/strong> Al campeggio La Rouill\u00e8re a Ramatuelle, sei a soli 67 km!<\/p>\n\n\n\n<p class=\"ls-paragraph\">Il nostro parco di affitto vi aspetta con una vasta scelta di case mobili e cabine di legno su palafitte, tutte dotate di aria condizionata, una cucina completa con tutte le attrezzature necessarie, un bagno con doccia e un WC. Potrete approfittare dell&#8217;esterno sulla vostra bella e grande terrazza, dove vi aspettano mobili da giardino e sedie a sdraio. Le opzioni vista sul vigneto e Jacuzzi individuale sono anche disponibili per un soggiorno di lusso a 3 stelle.<\/p>\n\n\n\n<p class=\"ls-paragraph\">Tutti i nostri affitti sono stati pensati con attenzione ai dettagli in modo che le vostre vacanze siano trascorse in totale serenit\u00e0, le case mobili da 18 a 32 m\u00b2 possono ospitare famiglie numerose fino a 6 persone in 1, 2 o 3 camere da letto, a partire da 46 \u20ac a notte.<\/p>\n\n\n\n<p class=\"ls-paragraph\">I lodge Nature in legno hanno una superficie da 30 a 43 m\u00b2 e dispongono di 2 camere da letto e possono ospitare fino a 5 persone. Abbiamo anche sistemazioni in tenda per coloro che preferiscono l&#8217;autentica semplicit\u00e0 del campeggio tradizionale. <\/p>\n\n\n\n<p class=\"ls-paragraph\">Siete pronti a scambiare l&#8217;idea di un <strong><span class=\"has-inline-color has-color-1-color\">campeggio a Porquerolles<\/span><\/strong> per il nostro campeggio nel Golfo di Saint-Tropez?<\/p>\n<\/div>\n<\/div>\n\n\n    <\/div>\n<\/section>\n\n<section id=\"ls-section-block_a4ea25110e003969252e32d7426e6ed2\" class=\"ls-section  sectionSeparateurImage has-background-image has-parallax has-background has-color-2-background-color\" >\n    <div class=\"ls-section__background-image opacity-100\"><img decoding=\"async\" src=\"https:\/\/www.camping-var-ramatuelle.com\/wp-content\/uploads\/2022\/01\/vacances-ete-porquerolles.jpg\" alt=\"vacances ete porquerolles\"><\/div>    <div class=\"container container--full\">\n        \n\n<p class=\"ls-paragraph has-text-align-center\">scoprire <span>Porquerolles<\/span><\/p>\n\n\n    <\/div>\n<\/section>\n\n<section id=\"ls-section-block_91895f102c294fd4e0be95c2ba8a7783\" class=\"ls-section  has-p-t p-t-0 page-three\" >\n        <div class=\"container container--wide\">\n        \n\n<div class=\"wp-block-columns m-t-10 page-three is-layout-flex wp-container-core-columns-is-layout-4 wp-block-columns-is-layout-flex\">\n<div class=\"wp-block-column is-vertically-aligned-center is-layout-flow wp-block-column-is-layout-flow\" style=\"flex-basis:40%\">\n<h2 class=\"ls__heading wp-block-heading has-text-align-center has-color-1-color has-text-color\" id=\"tourisme-a-porquerolles\">Turismo a Porquerolles<\/h2>\n\n\n\n<p class=\"ls-paragraph\">Le tue vacanze in <strong><span class=\"has-inline-color has-color-1-color\">campeggio vicino a Porquerolles<\/span><\/strong> sono una grande opportunit\u00e0 per scoprire questa isola paradisiaca al largo di Hy\u00e8res. Ospita una tipica foresta mediterranea e pu\u00f2 essere raggiunta rapidamente e facilmente in barca.<\/p>\n\n\n\n<p class=\"ls-paragraph\">Il modo migliore per esplorare questa meravigliosa roccia del Mediterraneo al proprio ritmo \u00e8 quello di noleggiare delle biciclette. Prendetevi del tempo per godervi la vostra esplorazione, poich\u00e9 quest&#8217;isola rimane una delle pi\u00f9 bella visita da fare nel Var. Molte societ\u00e0 di noleggio offrono biciclette classiche o elettriche, rimorchi per bambini e persino biciclette Solex.<\/p>\n\n\n\n<p class=\"ls-paragraph\">Le spiagge sono dei veri paesaggi da cartolina. Sulla costa settentrionale, scoprite la spiaggia di Courtade, la spiaggia di Langoustier, la spiaggia di Notre-Dame o la spiaggia di Argent. Con le loro acque azzurre e le loro sabbie dorate, sono delle vere e proprie gemme da non perdere. \u00c8 possibile affittare stand-up paddle board e scoprire le baie accessibili via mare o affittare una barca a vela per una gita in mare. \u00c8 anche il luogo ideale per provare le immersioni e ammirare la straordinaria ricchezza dei fondali di Porquerolles.<\/p>\n\n\n\n<p class=\"ls-paragraph\">Tuttavia, ci sono diversi siti da scoprire durante un&#8217;escursione, come il giardino di Emmanuel Lopez e le sue palme, il faro di Porquerolles, il Moulin du Bonheur, il Grand Langoustier Fort e la chiesa Sainte-Anne. Infine, la Villa Carmignac ospita collezioni d&#8217;arte contemporanea in una superba fattoria provenzale circondata dal verde di un parco paesaggistico di 15 ettari. Solo 50 visitatori possono entrare nelle sale espositive alla volta, e la visita \u00e8 a piedi nudi! Un must per le vostre <strong><span class=\"has-inline-color has-color-1-color\">vacanze a Porquerolles<\/span><\/strong>!<\/p>\n<\/div>\n\n\n\n<div class=\"wp-block-column is-vertically-aligned-center mozaique is-layout-flow wp-block-column-is-layout-flow\" style=\"flex-basis:60%\">\n<div class=\"wp-block-columns is-layout-flex wp-container-core-columns-is-layout-2 wp-block-columns-is-layout-flex\">\n<div class=\"wp-block-column is-layout-flow wp-block-column-is-layout-flow\" style=\"flex-basis:66.66%\">\n<figure class=\"wp-block-image size-large\"><a href=\"https:\/\/www.camping-var-ramatuelle.com\/wp-content\/uploads\/2022\/01\/camping-ete-porquerolles-1024x683.jpg\"><img decoding=\"async\" width=\"1024\" height=\"683\" src=\"https:\/\/www.camping-var-ramatuelle.com\/wp-content\/uploads\/2022\/01\/camping-ete-porquerolles-1024x683.jpg\" alt=\"campeggio estivo porquerolles\" class=\"wp-image-3095\" srcset=\"https:\/\/www.camping-var-ramatuelle.com\/wp-content\/uploads\/2022\/01\/camping-ete-porquerolles-1024x683.jpg 1024w, https:\/\/www.camping-var-ramatuelle.com\/wp-content\/uploads\/2022\/01\/camping-ete-porquerolles-300x200.jpg 300w, https:\/\/www.camping-var-ramatuelle.com\/wp-content\/uploads\/2022\/01\/camping-ete-porquerolles-768x512.jpg 768w, https:\/\/www.camping-var-ramatuelle.com\/wp-content\/uploads\/2022\/01\/camping-ete-porquerolles.jpg 1200w\" sizes=\"(max-width: 1024px) 100vw, 1024px\" \/><\/a><\/figure>\n<\/div>\n\n\n\n<div class=\"wp-block-column is-layout-flow wp-block-column-is-layout-flow\" style=\"flex-basis:33.33%\">\n<figure class=\"wp-block-image size-large\"><a href=\"https:\/\/www.camping-var-ramatuelle.com\/wp-content\/uploads\/2022\/01\/camping-famille-porquerolles-1024x683.jpg\"><img decoding=\"async\" width=\"1024\" height=\"683\" src=\"https:\/\/www.camping-var-ramatuelle.com\/wp-content\/uploads\/2022\/01\/camping-famille-porquerolles-1024x683.jpg\" alt=\"campeggio famiglia porquerolles\" class=\"wp-image-3103\" srcset=\"https:\/\/www.camping-var-ramatuelle.com\/wp-content\/uploads\/2022\/01\/camping-famille-porquerolles-1024x683.jpg 1024w, https:\/\/www.camping-var-ramatuelle.com\/wp-content\/uploads\/2022\/01\/camping-famille-porquerolles-300x200.jpg 300w, https:\/\/www.camping-var-ramatuelle.com\/wp-content\/uploads\/2022\/01\/camping-famille-porquerolles-768x512.jpg 768w, https:\/\/www.camping-var-ramatuelle.com\/wp-content\/uploads\/2022\/01\/camping-famille-porquerolles.jpg 1200w\" sizes=\"(max-width: 1024px) 100vw, 1024px\" \/><\/a><\/figure>\n<\/div>\n<\/div>\n\n\n\n<div class=\"wp-block-columns is-layout-flex wp-container-core-columns-is-layout-3 wp-block-columns-is-layout-flex\">\n<div class=\"wp-block-column is-layout-flow wp-block-column-is-layout-flow\" style=\"flex-basis:40%\">\n<figure class=\"wp-block-image size-large\"><a href=\"https:\/\/www.camping-var-ramatuelle.com\/wp-content\/uploads\/2022\/01\/vacances-porquerolles-1024x683.jpg\"><img decoding=\"async\" width=\"1024\" height=\"683\" src=\"https:\/\/www.camping-var-ramatuelle.com\/wp-content\/uploads\/2022\/01\/vacances-porquerolles-1024x683.jpg\" alt=\"vacanze porquerolles\" class=\"wp-image-3107\" srcset=\"https:\/\/www.camping-var-ramatuelle.com\/wp-content\/uploads\/2022\/01\/vacances-porquerolles-1024x683.jpg 1024w, https:\/\/www.camping-var-ramatuelle.com\/wp-content\/uploads\/2022\/01\/vacances-porquerolles-300x200.jpg 300w, https:\/\/www.camping-var-ramatuelle.com\/wp-content\/uploads\/2022\/01\/vacances-porquerolles-768x512.jpg 768w, https:\/\/www.camping-var-ramatuelle.com\/wp-content\/uploads\/2022\/01\/vacances-porquerolles.jpg 1200w\" sizes=\"(max-width: 1024px) 100vw, 1024px\" \/><\/a><\/figure>\n<\/div>\n\n\n\n<div class=\"wp-block-column is-layout-flow wp-block-column-is-layout-flow\" style=\"flex-basis:60%\">\n<figure class=\"wp-block-image size-large\"><a href=\"https:\/\/www.camping-var-ramatuelle.com\/wp-content\/uploads\/2022\/01\/camping-trois-etoiles-porquerolles-1024x683.jpg\"><img decoding=\"async\" width=\"1024\" height=\"683\" src=\"https:\/\/www.camping-var-ramatuelle.com\/wp-content\/uploads\/2022\/01\/camping-trois-etoiles-porquerolles-1024x683.jpg\" alt=\"campeggio tre stelle porquerolles\" class=\"wp-image-3099\" srcset=\"https:\/\/www.camping-var-ramatuelle.com\/wp-content\/uploads\/2022\/01\/camping-trois-etoiles-porquerolles-1024x683.jpg 1024w, https:\/\/www.camping-var-ramatuelle.com\/wp-content\/uploads\/2022\/01\/camping-trois-etoiles-porquerolles-300x200.jpg 300w, https:\/\/www.camping-var-ramatuelle.com\/wp-content\/uploads\/2022\/01\/camping-trois-etoiles-porquerolles-768x512.jpg 768w, https:\/\/www.camping-var-ramatuelle.com\/wp-content\/uploads\/2022\/01\/camping-trois-etoiles-porquerolles.jpg 1200w\" sizes=\"(max-width: 1024px) 100vw, 1024px\" \/><\/a><\/figure>\n<\/div>\n<\/div>\n<\/div>\n<\/div>\n\n\n    <\/div>\n<\/section>\n\n<section id=\"ls-section-block_0e946d9eb8aca747263c49d4851b95c6\" class=\"ls-section  page-four\" >\n        <div class=\"container container--wide\">\n        \n\n<p class=\"ls-paragraph ls__heading has-text-align-center has-color-1-color has-text-color has-large-font-size\"> <span style=\"color:#74c3bb\" class=\"tadv-color\">Scoprire i dintorni<\/span> <\/p>\n\n\n<div id=\"ls-maillage-block_e91be534827c19db47c6e2c59e89129f\" class=\"ls-maillage cta-style-normal\" data-rows=\"2\">\n    <div class=\"wp-block-columns\"><div class=\"wp-block-column\">\n\n<a href=\"https:\/\/www.camping-var-ramatuelle.com\/it\/vacanze-var\/campeggio-cavalaire-sur-mer\/\" target=\"\" rel=\"noopener\" class=\"ls-cta__link\">\n\n\t<div class=\"ls-cta__image\"><img decoding=\"async\" src=\"https:\/\/www.camping-var-ramatuelle.com\/wp-content\/uploads\/2021\/12\/camping-la-rouillere-cta-alentours-cavalaire.jpg\" alt=\"camping cavalaire cote azur\"><\/div>\n\t<div class=\"ls-cta__title\">\n\t\tCavalaire\t<\/div>\n\n\t\t\n<\/a><\/div><div class=\"wp-block-column\">\n\n<a href=\"https:\/\/www.camping-var-ramatuelle.com\/it\/vacanze-var\/campeggio-sainte-maxime\/\" target=\"\" rel=\"noopener\" class=\"ls-cta__link\">\n\n\t<div class=\"ls-cta__image\"><img decoding=\"async\" src=\"https:\/\/www.camping-var-ramatuelle.com\/wp-content\/uploads\/2021\/12\/camping-la-rouillere-cta-alentours-sainte-maxime.jpg\" alt=\"camping sainte maxime\"><\/div>\n\t<div class=\"ls-cta__title\">\n\t\tSainte Maxime\t<\/div>\n\n\t\t\n<\/a><\/div><\/div><\/div>\n\n    <\/div>\n<\/section>","protected":false},"excerpt":{"rendered":"","protected":false},"author":1,"featured_media":16820,"parent":3556,"menu_order":0,"comment_status":"closed","ping_status":"closed","template":"","meta":{"_acf_changed":false,"footnotes":""},"sujet":[],"class_list":["post-9554","page","type-page","status-publish","has-post-thumbnail","hentry"],"acf":[],"yoast_head":"<!-- This site is optimized with the Yoast SEO plugin v25.4 - https:\/\/yoast.com\/wordpress\/plugins\/seo\/ -->\n<title>Campeggio Porquerolles | Affitto casa mobile Porquerolles isola<\/title>\n<meta name=\"description\" content=\"Cerchi un campeggio a Porquerolles? Scoprite le case mobili e le piazzole del campeggio La Rouill\u00e8re, un campeggio 3 stelle del Var con piscina!\" \/>\n<meta name=\"robots\" content=\"index, follow, max-snippet:-1, max-image-preview:large, max-video-preview:-1\" \/>\n<link rel=\"canonical\" href=\"https:\/\/www.camping-var-ramatuelle.com\/it\/vacanze-var\/campeggio-porquerolles\/\" \/>\n<meta property=\"og:locale\" content=\"it_IT\" \/>\n<meta property=\"og:type\" content=\"article\" \/>\n<meta property=\"og:title\" content=\"Campeggio Porquerolles | Affitto casa mobile Porquerolles isola\" \/>\n<meta property=\"og:description\" content=\"Cerchi un campeggio a Porquerolles? Scoprite le case mobili e le piazzole del campeggio La Rouill\u00e8re, un campeggio 3 stelle del Var con piscina!\" \/>\n<meta property=\"og:url\" content=\"https:\/\/www.camping-var-ramatuelle.com\/it\/vacanze-var\/campeggio-porquerolles\/\" \/>\n<meta property=\"og:site_name\" content=\"Camping La Rouillere\" \/>\n<meta property=\"article:modified_time\" content=\"2023-08-18T13:25:22+00:00\" \/>\n<meta property=\"og:image\" content=\"https:\/\/www.camping-var-ramatuelle.com\/wp-content\/uploads\/2023\/08\/camping-vacances-porquerolles-1.jpg\" \/>\n\t<meta property=\"og:image:width\" content=\"1900\" \/>\n\t<meta property=\"og:image:height\" content=\"700\" \/>\n\t<meta property=\"og:image:type\" content=\"image\/jpeg\" \/>\n<meta name=\"twitter:card\" content=\"summary_large_image\" \/>\n<meta name=\"twitter:label1\" content=\"Tempo di lettura stimato\" \/>\n\t<meta name=\"twitter:data1\" content=\"5 minuti\" \/>\n<script type=\"application\/ld+json\" class=\"yoast-schema-graph\">{\"@context\":\"https:\/\/schema.org\",\"@graph\":[{\"@type\":\"WebPage\",\"@id\":\"https:\/\/www.camping-var-ramatuelle.com\/it\/vacanze-var\/campeggio-porquerolles\/\",\"url\":\"https:\/\/www.camping-var-ramatuelle.com\/it\/vacanze-var\/campeggio-porquerolles\/\",\"name\":\"Campeggio Porquerolles | Affitto casa mobile Porquerolles isola\",\"isPartOf\":{\"@id\":\"https:\/\/www.camping-var-ramatuelle.com\/it\/#website\"},\"primaryImageOfPage\":{\"@id\":\"https:\/\/www.camping-var-ramatuelle.com\/it\/vacanze-var\/campeggio-porquerolles\/#primaryimage\"},\"image\":{\"@id\":\"https:\/\/www.camping-var-ramatuelle.com\/it\/vacanze-var\/campeggio-porquerolles\/#primaryimage\"},\"thumbnailUrl\":\"https:\/\/www.camping-var-ramatuelle.com\/wp-content\/uploads\/2023\/08\/camping-vacances-porquerolles-1.jpg\",\"datePublished\":\"2021-12-02T07:42:47+00:00\",\"dateModified\":\"2023-08-18T13:25:22+00:00\",\"description\":\"Cerchi un campeggio a Porquerolles? Scoprite le case mobili e le piazzole del campeggio La Rouill\u00e8re, un campeggio 3 stelle del Var con piscina!\",\"breadcrumb\":{\"@id\":\"https:\/\/www.camping-var-ramatuelle.com\/it\/vacanze-var\/campeggio-porquerolles\/#breadcrumb\"},\"inLanguage\":\"it-IT\",\"potentialAction\":[{\"@type\":\"ReadAction\",\"target\":[\"https:\/\/www.camping-var-ramatuelle.com\/it\/vacanze-var\/campeggio-porquerolles\/\"]}]},{\"@type\":\"ImageObject\",\"inLanguage\":\"it-IT\",\"@id\":\"https:\/\/www.camping-var-ramatuelle.com\/it\/vacanze-var\/campeggio-porquerolles\/#primaryimage\",\"url\":\"https:\/\/www.camping-var-ramatuelle.com\/wp-content\/uploads\/2023\/08\/camping-vacances-porquerolles-1.jpg\",\"contentUrl\":\"https:\/\/www.camping-var-ramatuelle.com\/wp-content\/uploads\/2023\/08\/camping-vacances-porquerolles-1.jpg\",\"width\":1900,\"height\":700,\"caption\":\"Camping vacances \u00e0 Porquerolles\"},{\"@type\":\"BreadcrumbList\",\"@id\":\"https:\/\/www.camping-var-ramatuelle.com\/it\/vacanze-var\/campeggio-porquerolles\/#breadcrumb\",\"itemListElement\":[{\"@type\":\"ListItem\",\"position\":1,\"name\":\"Campeggio Ramatuelle\",\"item\":\"https:\/\/www.camping-var-ramatuelle.com\/it\/\"},{\"@type\":\"ListItem\",\"position\":2,\"name\":\"Turismo nel Var\",\"item\":\"https:\/\/www.camping-var-ramatuelle.com\/it\/vacanze-var\/\"},{\"@type\":\"ListItem\",\"position\":3,\"name\":\"Campeggio Porquerolles\"}]},{\"@type\":\"WebSite\",\"@id\":\"https:\/\/www.camping-var-ramatuelle.com\/it\/#website\",\"url\":\"https:\/\/www.camping-var-ramatuelle.com\/it\/\",\"name\":\"Camping La Rouillere\",\"description\":\"\",\"publisher\":{\"@id\":\"https:\/\/www.camping-var-ramatuelle.com\/it\/#organization\"},\"potentialAction\":[{\"@type\":\"SearchAction\",\"target\":{\"@type\":\"EntryPoint\",\"urlTemplate\":\"https:\/\/www.camping-var-ramatuelle.com\/it\/?s={search_term_string}\"},\"query-input\":{\"@type\":\"PropertyValueSpecification\",\"valueRequired\":true,\"valueName\":\"search_term_string\"}}],\"inLanguage\":\"it-IT\"},{\"@type\":\"Organization\",\"@id\":\"https:\/\/www.camping-var-ramatuelle.com\/it\/#organization\",\"name\":\"Camping La Rouill\u00e8re\",\"url\":\"https:\/\/www.camping-var-ramatuelle.com\/it\/\",\"logo\":{\"@type\":\"ImageObject\",\"inLanguage\":\"it-IT\",\"@id\":\"https:\/\/www.camping-var-ramatuelle.com\/it\/#\/schema\/logo\/image\/\",\"url\":\"https:\/\/www.camping-var-ramatuelle.com\/wp-content\/uploads\/2022\/01\/logo-carte-rouillere.png\",\"contentUrl\":\"https:\/\/www.camping-var-ramatuelle.com\/wp-content\/uploads\/2022\/01\/logo-carte-rouillere.png\",\"width\":400,\"height\":400,\"caption\":\"Camping La Rouill\u00e8re\"},\"image\":{\"@id\":\"https:\/\/www.camping-var-ramatuelle.com\/it\/#\/schema\/logo\/image\/\"}}]}<\/script>\n<!-- \/ Yoast SEO plugin. -->","yoast_head_json":{"title":"Campeggio Porquerolles | Affitto casa mobile Porquerolles isola","description":"Cerchi un campeggio a Porquerolles? Scoprite le case mobili e le piazzole del campeggio La Rouill\u00e8re, un campeggio 3 stelle del Var con piscina!","robots":{"index":"index","follow":"follow","max-snippet":"max-snippet:-1","max-image-preview":"max-image-preview:large","max-video-preview":"max-video-preview:-1"},"canonical":"https:\/\/www.camping-var-ramatuelle.com\/it\/vacanze-var\/campeggio-porquerolles\/","og_locale":"it_IT","og_type":"article","og_title":"Campeggio Porquerolles | Affitto casa mobile Porquerolles isola","og_description":"Cerchi un campeggio a Porquerolles? Scoprite le case mobili e le piazzole del campeggio La Rouill\u00e8re, un campeggio 3 stelle del Var con piscina!","og_url":"https:\/\/www.camping-var-ramatuelle.com\/it\/vacanze-var\/campeggio-porquerolles\/","og_site_name":"Camping La Rouillere","article_modified_time":"2023-08-18T13:25:22+00:00","og_image":[{"width":1900,"height":700,"url":"https:\/\/www.camping-var-ramatuelle.com\/wp-content\/uploads\/2023\/08\/camping-vacances-porquerolles-1.jpg","type":"image\/jpeg"}],"twitter_card":"summary_large_image","twitter_misc":{"Tempo di lettura stimato":"5 minuti"},"schema":{"@context":"https:\/\/schema.org","@graph":[{"@type":"WebPage","@id":"https:\/\/www.camping-var-ramatuelle.com\/it\/vacanze-var\/campeggio-porquerolles\/","url":"https:\/\/www.camping-var-ramatuelle.com\/it\/vacanze-var\/campeggio-porquerolles\/","name":"Campeggio Porquerolles | Affitto casa mobile Porquerolles isola","isPartOf":{"@id":"https:\/\/www.camping-var-ramatuelle.com\/it\/#website"},"primaryImageOfPage":{"@id":"https:\/\/www.camping-var-ramatuelle.com\/it\/vacanze-var\/campeggio-porquerolles\/#primaryimage"},"image":{"@id":"https:\/\/www.camping-var-ramatuelle.com\/it\/vacanze-var\/campeggio-porquerolles\/#primaryimage"},"thumbnailUrl":"https:\/\/www.camping-var-ramatuelle.com\/wp-content\/uploads\/2023\/08\/camping-vacances-porquerolles-1.jpg","datePublished":"2021-12-02T07:42:47+00:00","dateModified":"2023-08-18T13:25:22+00:00","description":"Cerchi un campeggio a Porquerolles? Scoprite le case mobili e le piazzole del campeggio La Rouill\u00e8re, un campeggio 3 stelle del Var con piscina!","breadcrumb":{"@id":"https:\/\/www.camping-var-ramatuelle.com\/it\/vacanze-var\/campeggio-porquerolles\/#breadcrumb"},"inLanguage":"it-IT","potentialAction":[{"@type":"ReadAction","target":["https:\/\/www.camping-var-ramatuelle.com\/it\/vacanze-var\/campeggio-porquerolles\/"]}]},{"@type":"ImageObject","inLanguage":"it-IT","@id":"https:\/\/www.camping-var-ramatuelle.com\/it\/vacanze-var\/campeggio-porquerolles\/#primaryimage","url":"https:\/\/www.camping-var-ramatuelle.com\/wp-content\/uploads\/2023\/08\/camping-vacances-porquerolles-1.jpg","contentUrl":"https:\/\/www.camping-var-ramatuelle.com\/wp-content\/uploads\/2023\/08\/camping-vacances-porquerolles-1.jpg","width":1900,"height":700,"caption":"Camping vacances \u00e0 Porquerolles"},{"@type":"BreadcrumbList","@id":"https:\/\/www.camping-var-ramatuelle.com\/it\/vacanze-var\/campeggio-porquerolles\/#breadcrumb","itemListElement":[{"@type":"ListItem","position":1,"name":"Campeggio Ramatuelle","item":"https:\/\/www.camping-var-ramatuelle.com\/it\/"},{"@type":"ListItem","position":2,"name":"Turismo nel Var","item":"https:\/\/www.camping-var-ramatuelle.com\/it\/vacanze-var\/"},{"@type":"ListItem","position":3,"name":"Campeggio Porquerolles"}]},{"@type":"WebSite","@id":"https:\/\/www.camping-var-ramatuelle.com\/it\/#website","url":"https:\/\/www.camping-var-ramatuelle.com\/it\/","name":"Camping La Rouillere","description":"","publisher":{"@id":"https:\/\/www.camping-var-ramatuelle.com\/it\/#organization"},"potentialAction":[{"@type":"SearchAction","target":{"@type":"EntryPoint","urlTemplate":"https:\/\/www.camping-var-ramatuelle.com\/it\/?s={search_term_string}"},"query-input":{"@type":"PropertyValueSpecification","valueRequired":true,"valueName":"search_term_string"}}],"inLanguage":"it-IT"},{"@type":"Organization","@id":"https:\/\/www.camping-var-ramatuelle.com\/it\/#organization","name":"Camping La Rouill\u00e8re","url":"https:\/\/www.camping-var-ramatuelle.com\/it\/","logo":{"@type":"ImageObject","inLanguage":"it-IT","@id":"https:\/\/www.camping-var-ramatuelle.com\/it\/#\/schema\/logo\/image\/","url":"https:\/\/www.camping-var-ramatuelle.com\/wp-content\/uploads\/2022\/01\/logo-carte-rouillere.png","contentUrl":"https:\/\/www.camping-var-ramatuelle.com\/wp-content\/uploads\/2022\/01\/logo-carte-rouillere.png","width":400,"height":400,"caption":"Camping La Rouill\u00e8re"},"image":{"@id":"https:\/\/www.camping-var-ramatuelle.com\/it\/#\/schema\/logo\/image\/"}}]}},"_links":{"self":[{"href":"https:\/\/www.camping-var-ramatuelle.com\/it\/wp-json\/wp\/v2\/pages\/9554"}],"collection":[{"href":"https:\/\/www.camping-var-ramatuelle.com\/it\/wp-json\/wp\/v2\/pages"}],"about":[{"href":"https:\/\/www.camping-var-ramatuelle.com\/it\/wp-json\/wp\/v2\/types\/page"}],"author":[{"embeddable":true,"href":"https:\/\/www.camping-var-ramatuelle.com\/it\/wp-json\/wp\/v2\/users\/1"}],"replies":[{"embeddable":true,"href":"https:\/\/www.camping-var-ramatuelle.com\/it\/wp-json\/wp\/v2\/comments?post=9554"}],"version-history":[{"count":6,"href":"https:\/\/www.camping-var-ramatuelle.com\/it\/wp-json\/wp\/v2\/pages\/9554\/revisions"}],"predecessor-version":[{"id":16827,"href":"https:\/\/www.camping-var-ramatuelle.com\/it\/wp-json\/wp\/v2\/pages\/9554\/revisions\/16827"}],"up":[{"embeddable":true,"href":"https:\/\/www.camping-var-ramatuelle.com\/it\/wp-json\/wp\/v2\/pages\/3556"}],"wp:featuredmedia":[{"embeddable":true,"href":"https:\/\/www.camping-var-ramatuelle.com\/it\/wp-json\/wp\/v2\/media\/16820"}],"wp:attachment":[{"href":"https:\/\/www.camping-var-ramatuelle.com\/it\/wp-json\/wp\/v2\/media?parent=9554"}],"wp:term":[{"taxonomy":"sujet","embeddable":true,"href":"https:\/\/www.camping-var-ramatuelle.com\/it\/wp-json\/wp\/v2\/sujet?post=9554"}],"curies":[{"name":"wp","href":"https:\/\/api.w.org\/{rel}","templated":true}]}}